{"id":302,"date":"2023-08-02T06:59:29","date_gmt":"2023-08-02T06:59:29","guid":{"rendered":"https:\/\/xn--glckimgarten-elb.at\/?page_id=302"},"modified":"2023-08-03T06:48:41","modified_gmt":"2023-08-03T06:48:41","slug":"datenschutzerklaerung","status":"publish","type":"page","link":"https:\/\/xn--glckimgarten-elb.at\/?page_id=302","title":{"rendered":"Datenschutzerkl\u00e4rung"},"content":{"rendered":"\t\t<div data-elementor-type=\"wp-page\" data-elementor-id=\"302\" class=\"elementor elementor-302\">\n\t\t\t\t\t\t<section class=\"elementor-section elementor-top-section elementor-element elementor-element-ca99010 elementor-section-boxed elementor-section-height-default elementor-section-height-default\" data-id=\"ca99010\" data-element_type=\"section\" data-e-type=\"section\">\n\t\t\t\t\t\t<div class=\"elementor-container elementor-column-gap-default\">\n\t\t\t\t\t<div class=\"elementor-column elementor-col-100 elementor-top-column elementor-element elementor-element-43f0f5e\" data-id=\"43f0f5e\" data-element_type=\"column\" data-e-type=\"column\">\n\t\t\t<div class=\"elementor-widget-wrap elementor-element-populated\">\n\t\t\t\t\t\t<div class=\"elementor-element elementor-element-3e8e5de elementor-widget elementor-widget-text-editor\" data-id=\"3e8e5de\" data-element_type=\"widget\" data-e-type=\"widget\" data-widget_type=\"text-editor.default\">\n\t\t\t\t<div class=\"elementor-widget-container\">\n\t\t\t\t\t\t\t\t\t<p><br \/>Bitte lesen Sie diese Erkl\u00e4rung sorgf\u00e4ltig vor Verwendung der Website, da hier erl\u00e4utert wird, wie wir personenbezogene Daten sammeln, verarbeiten bzw. speichern. Jeder Zugriff auf unsere Internetseite und jeder Abruf einer auf dieser Website hinterlegten Datei werden protokolliert. Die Speicherung dient internen systembezogenen und statistischen Zwecken. Protokolliert werden: Name der abgerufenen Datei, Datum, Uhrzeit des Abrufs, \u00fcbertragene Datenmenge, Meldung \u00fcber erfolgreichen Abruf, Webbrowser, anfragende Domain, IP Adresse des anfragenden Computer, Suchw\u00f6rter.<br \/>Wir verarbeiten und speichern s\u00e4mtliche personenbezogenen Daten, die Sie uns im Rahmen von E-Mail-Anfragen \u00fcbermitteln (z.B. Name, Adresse, E-Mail-Adresse, Telefonnummer, etc.) zur Durchf\u00fchrung der von Ihnen gew\u00fcnschten Kontaktaufnahme sowie zur weiteren Pflege von Kundenbeziehungen. Diese Daten werden bis auf Ihren schriftlichen Antrag zur L\u00f6schung bei uns.<br \/>Weitergehende personenbezogene Daten werden nur dann erfasst, wenn Sie Angaben freiwillig, im Rahmen einer Anfrage oder Registrierung oder zum Abschluss eines Vertrages oder \u00fcber die Einstellungen ihres Browsers t\u00e4tigen. Sollten wir Daten an externe Dienstleister weitergeben, so werden technische und organisatorische Ma\u00dfnahmen ergriffen, die gew\u00e4hrleisten, dass die Weitergabe im Einklang mit den gesetzlichen Bestimmungen des Datenschutzes erfolgt. Die Datenverarbeitung erfolgt auf Basis der gesetzlichen Bestimmungen von \u00a78 DSG, \u00a796 TKG.<br \/>Sie haben jederzeit die M\u00f6glichkeit, Auskunft \u00fcber die zu Ihrer Person gespeicherten Daten, \u00fcber die Herkunft der Daten, die Empf\u00e4nger und \u00fcber den Zweck der Speicherung dieser Daten zu verlangen. Dar\u00fcber hinaus haben Sie nach Ma\u00dfgabe der gesetzlichen Bestimmungen ein Recht auf Berichtigung, Sperrung bzw. L\u00f6schung Ihrer Daten. Kontaktieren Sie uns dazu an der im Impressum angef\u00fchrten Adresse bzw. unter pflanzenexperte@karl-hillebrand.at.<br \/>Diese Datenschutzrichtlinie gilt ab 01\/2015. Alle zuk\u00fcnftigen \u00c4nderungen unserer Datenschutzrichtlinie werden auf dieser Website bekannt gegeben. Sie sollten diese daher regelm\u00e4\u00dfig auf Neuerungen oder \u00c4nderungen \u00fcberpr\u00fcfen. Wenn Sie Fragen, Anmerkungen oder sonstige Anfragen bez\u00fcglich dieser Datenschutzrichtlinie haben, kontaktieren Sie uns an der im Impressum angef\u00fchrten Adresse bzw. unter pflanzenexperte@karl-hillebrand.at.<\/p><p>Verwendung personenbezogener Daten f\u00fcr Eingabeformulare<br \/>Im Rahmen von Eingabeformularen werden IP-Adresse, Name, Adresse, E-Mail-Adresse zur Durchf\u00fchrung der Kontaktaufnahme zur weiteren Pflege von Kundenbeziehungen erhoben.<\/p><p>Links<br \/>Diese Website enth\u00e4lt Links zu anderen Websites. Wenn Sie auf einen solchen Link klicken, der zu Websites von Dritten f\u00fchrt, ist zu beachten, dass diese Websites eigene Datenschutzbestimmungen haben. Bitte \u00fcberpr\u00fcfen Sie die Datenschutzbestimmungen bei Verwendung dieser Websites, da wir keine wie immer geartete Verantwortung oder Haftung f\u00fcr Websites von Dritten \u00fcbernehmen<\/p>\t\t\t\t\t\t\t\t<\/div>\n\t\t\t\t<\/div>\n\t\t\t\t\t<\/div>\n\t\t<\/div>\n\t\t\t\t\t<\/div>\n\t\t<\/section>\n\t\t\t\t<\/div>\n\t\t","protected":false},"excerpt":{"rendered":"<p>Bitte lesen Sie diese Erkl\u00e4rung sorgf\u00e4ltig vor Verwendung der Website, da hier erl\u00e4utert wird, wie wir personenbezogene Daten sammeln, verarbeiten bzw. speichern. Jeder Zugriff auf unsere Internetseite und jeder Abruf einer auf dieser Website hinterlegten Datei werden protokolliert. Die Speicherung dient internen systembezogenen und statistischen Zwecken. Protokolliert werden: Name der abgerufenen Datei, Datum, Uhrzeit des Abrufs, \u00fcbertragene Datenmenge, Meldung \u00fcber erfolgreichen Abruf, Webbrowser, anfragende Domain, IP Adresse des anfragenden Computer, Suchw\u00f6rter. Wir verarbeiten und speichern s\u00e4mtliche personenbezogenen Daten, die Sie uns im Rahmen von E-Mail-Anfragen \u00fcbermitteln (z.B. Name, Adresse, E-Mail-Adresse, Telefonnummer, etc.) zur Durchf\u00fchrung der von Ihnen gew\u00fcnschten Kontaktaufnahme sowie zur weiteren Pflege von Kundenbeziehungen. Diese Daten werden bis auf Ihren schriftlichen Antrag zur L\u00f6schung bei uns. Weitergehende personenbezogene Daten werden nur dann erfasst, wenn Sie Angaben freiwillig, im Rahmen einer Anfrage oder Registrierung oder zum Abschluss eines Vertrages oder \u00fcber die Einstellungen ihres Browsers t\u00e4tigen. Sollten wir Daten an externe Dienstleister weitergeben, so werden technische und organisatorische Ma\u00dfnahmen ergriffen, die gew\u00e4hrleisten, dass die Weitergabe im Einklang mit den gesetzlichen Bestimmungen des Datenschutzes erfolgt. Die Datenverarbeitung erfolgt auf Basis der gesetzlichen Bestimmungen von \u00a78 DSG, \u00a796 TKG. Sie haben jederzeit die M\u00f6glichkeit, Auskunft \u00fcber die zu Ihrer Person gespeicherten Daten, \u00fcber die Herkunft der Daten, die Empf\u00e4nger und \u00fcber den Zweck der Speicherung dieser Daten zu verlangen. Dar\u00fcber hinaus haben Sie nach Ma\u00dfgabe der gesetzlichen Bestimmungen ein Recht auf Berichtigung, Sperrung bzw. L\u00f6schung Ihrer Daten. Kontaktieren Sie uns dazu an der im Impressum angef\u00fchrten Adresse bzw. unter pflanzenexperte@karl-hillebrand.at. Diese Datenschutzrichtlinie gilt ab 01\/2015. Alle zuk\u00fcnftigen \u00c4nderungen unserer Datenschutzrichtlinie werden auf dieser Website bekannt gegeben. Sie sollten diese daher regelm\u00e4\u00dfig auf Neuerungen oder \u00c4nderungen \u00fcberpr\u00fcfen. Wenn Sie Fragen, Anmerkungen oder sonstige Anfragen bez\u00fcglich dieser Datenschutzrichtlinie haben, kontaktieren Sie uns an der im Impressum angef\u00fchrten Adresse bzw. unter pflanzenexperte@karl-hillebrand.at. Verwendung personenbezogener Daten f\u00fcr Eingabeformulare Im Rahmen von Eingabeformularen werden IP-Adresse, Name, Adresse, E-Mail-Adresse zur Durchf\u00fchrung der Kontaktaufnahme zur weiteren Pflege von Kundenbeziehungen erhoben. Links Diese Website enth\u00e4lt Links zu anderen Websites. Wenn Sie auf einen solchen Link klicken, der zu Websites von Dritten f\u00fchrt, ist zu beachten, dass diese Websites eigene Datenschutzbestimmungen haben. Bitte \u00fcberpr\u00fcfen Sie die Datenschutzbestimmungen bei Verwendung dieser Websites, da wir keine wie immer geartete Verantwortung oder Haftung f\u00fcr Websites von Dritten \u00fcbernehmen<\/p>\n","protected":false},"author":1,"featured_media":0,"parent":0,"menu_order":0,"comment_status":"closed","ping_status":"closed","template":"","meta":{"om_disable_all_campaigns":false,"footnotes":""},"class_list":["post-302","page","type-page","status-publish","hentry"],"yoast_head":"<!-- This site is optimized with the Yoast SEO plugin v27.4 - https:\/\/yoast.com\/product\/yoast-seo-wordpress\/ -->\n<title>Datenschutzerkl\u00e4rung -<\/title>\n<meta name=\"description\" content=\"\u00dcber das Sammeln, verarbeiten bzw. speichern von personenbezogene Daten\" \/>\n<meta name=\"robots\" content=\"index, follow, max-snippet:-1, max-image-preview:large, max-video-preview:-1\" \/>\n<link rel=\"canonical\" href=\"https:\/\/xn--glckimgarten-elb.at\/?page_id=302\" \/>\n<meta property=\"og:locale\" content=\"de_DE\" \/>\n<meta property=\"og:type\" content=\"article\" \/>\n<meta property=\"og:title\" content=\"Datenschutzerkl\u00e4rung -\" \/>\n<meta property=\"og:description\" content=\"\u00dcber das Sammeln, verarbeiten bzw. speichern von personenbezogene Daten\" \/>\n<meta property=\"og:url\" content=\"https:\/\/xn--glckimgarten-elb.at\/?page_id=302\" \/>\n<meta property=\"article:modified_time\" content=\"2023-08-03T06:48:41+00:00\" \/>\n<meta name=\"twitter:card\" content=\"summary_large_image\" \/>\n<meta name=\"twitter:label1\" content=\"Gesch\u00e4tzte Lesezeit\" \/>\n\t<meta name=\"twitter:data1\" content=\"3\u00a0Minuten\" \/>\n<script type=\"application\/ld+json\" class=\"yoast-schema-graph\">{\"@context\":\"https:\\\/\\\/schema.org\",\"@graph\":[{\"@type\":\"WebPage\",\"@id\":\"https:\\\/\\\/xn--glckimgarten-elb.at\\\/?page_id=302\",\"url\":\"https:\\\/\\\/xn--glckimgarten-elb.at\\\/?page_id=302\",\"name\":\"Datenschutzerkl\u00e4rung -\",\"isPartOf\":{\"@id\":\"https:\\\/\\\/xn--glckimgarten-elb.at\\\/#website\"},\"datePublished\":\"2023-08-02T06:59:29+00:00\",\"dateModified\":\"2023-08-03T06:48:41+00:00\",\"description\":\"\u00dcber das Sammeln, verarbeiten bzw. speichern von personenbezogene Daten\",\"breadcrumb\":{\"@id\":\"https:\\\/\\\/xn--glckimgarten-elb.at\\\/?page_id=302#breadcrumb\"},\"inLanguage\":\"de\",\"potentialAction\":[{\"@type\":\"ReadAction\",\"target\":[\"https:\\\/\\\/xn--glckimgarten-elb.at\\\/?page_id=302\"]}]},{\"@type\":\"BreadcrumbList\",\"@id\":\"https:\\\/\\\/xn--glckimgarten-elb.at\\\/?page_id=302#breadcrumb\",\"itemListElement\":[{\"@type\":\"ListItem\",\"position\":1,\"name\":\"Startseite\",\"item\":\"https:\\\/\\\/xn--glckimgarten-elb.at\\\/\"},{\"@type\":\"ListItem\",\"position\":2,\"name\":\"Datenschutzerkl\u00e4rung\"}]},{\"@type\":\"WebSite\",\"@id\":\"https:\\\/\\\/xn--glckimgarten-elb.at\\\/#website\",\"url\":\"https:\\\/\\\/xn--glckimgarten-elb.at\\\/\",\"name\":\"Gl\u00fcck im Garten\",\"description\":\"\",\"publisher\":{\"@id\":\"https:\\\/\\\/xn--glckimgarten-elb.at\\\/#organization\"},\"potentialAction\":[{\"@type\":\"SearchAction\",\"target\":{\"@type\":\"EntryPoint\",\"urlTemplate\":\"https:\\\/\\\/xn--glckimgarten-elb.at\\\/?s={search_term_string}\"},\"query-input\":{\"@type\":\"PropertyValueSpecification\",\"valueRequired\":true,\"valueName\":\"search_term_string\"}}],\"inLanguage\":\"de\"},{\"@type\":\"Organization\",\"@id\":\"https:\\\/\\\/xn--glckimgarten-elb.at\\\/#organization\",\"name\":\"Jakob Trimmel, Gl\u00fcck im Garten\",\"url\":\"https:\\\/\\\/xn--glckimgarten-elb.at\\\/\",\"logo\":{\"@type\":\"ImageObject\",\"inLanguage\":\"de\",\"@id\":\"https:\\\/\\\/xn--glckimgarten-elb.at\\\/#\\\/schema\\\/logo\\\/image\\\/\",\"url\":\"https:\\\/\\\/xn--glckimgarten-elb.at\\\/wp-content\\\/uploads\\\/2023\\\/08\\\/cropped-logo512.png\",\"contentUrl\":\"https:\\\/\\\/xn--glckimgarten-elb.at\\\/wp-content\\\/uploads\\\/2023\\\/08\\\/cropped-logo512.png\",\"width\":512,\"height\":512,\"caption\":\"Jakob Trimmel, Gl\u00fcck im Garten\"},\"image\":{\"@id\":\"https:\\\/\\\/xn--glckimgarten-elb.at\\\/#\\\/schema\\\/logo\\\/image\\\/\"}}]}<\/script>\n<!-- \/ Yoast SEO plugin. -->","yoast_head_json":{"title":"Datenschutzerkl\u00e4rung -","description":"\u00dcber das Sammeln, verarbeiten bzw. speichern von personenbezogene Daten","robots":{"index":"index","follow":"follow","max-snippet":"max-snippet:-1","max-image-preview":"max-image-preview:large","max-video-preview":"max-video-preview:-1"},"canonical":"https:\/\/xn--glckimgarten-elb.at\/?page_id=302","og_locale":"de_DE","og_type":"article","og_title":"Datenschutzerkl\u00e4rung -","og_description":"\u00dcber das Sammeln, verarbeiten bzw. speichern von personenbezogene Daten","og_url":"https:\/\/xn--glckimgarten-elb.at\/?page_id=302","article_modified_time":"2023-08-03T06:48:41+00:00","twitter_card":"summary_large_image","twitter_misc":{"Gesch\u00e4tzte Lesezeit":"3\u00a0Minuten"},"schema":{"@context":"https:\/\/schema.org","@graph":[{"@type":"WebPage","@id":"https:\/\/xn--glckimgarten-elb.at\/?page_id=302","url":"https:\/\/xn--glckimgarten-elb.at\/?page_id=302","name":"Datenschutzerkl\u00e4rung -","isPartOf":{"@id":"https:\/\/xn--glckimgarten-elb.at\/#website"},"datePublished":"2023-08-02T06:59:29+00:00","dateModified":"2023-08-03T06:48:41+00:00","description":"\u00dcber das Sammeln, verarbeiten bzw. speichern von personenbezogene Daten","breadcrumb":{"@id":"https:\/\/xn--glckimgarten-elb.at\/?page_id=302#breadcrumb"},"inLanguage":"de","potentialAction":[{"@type":"ReadAction","target":["https:\/\/xn--glckimgarten-elb.at\/?page_id=302"]}]},{"@type":"BreadcrumbList","@id":"https:\/\/xn--glckimgarten-elb.at\/?page_id=302#breadcrumb","itemListElement":[{"@type":"ListItem","position":1,"name":"Startseite","item":"https:\/\/xn--glckimgarten-elb.at\/"},{"@type":"ListItem","position":2,"name":"Datenschutzerkl\u00e4rung"}]},{"@type":"WebSite","@id":"https:\/\/xn--glckimgarten-elb.at\/#website","url":"https:\/\/xn--glckimgarten-elb.at\/","name":"Gl\u00fcck im Garten","description":"","publisher":{"@id":"https:\/\/xn--glckimgarten-elb.at\/#organization"},"potentialAction":[{"@type":"SearchAction","target":{"@type":"EntryPoint","urlTemplate":"https:\/\/xn--glckimgarten-elb.at\/?s={search_term_string}"},"query-input":{"@type":"PropertyValueSpecification","valueRequired":true,"valueName":"search_term_string"}}],"inLanguage":"de"},{"@type":"Organization","@id":"https:\/\/xn--glckimgarten-elb.at\/#organization","name":"Jakob Trimmel, Gl\u00fcck im Garten","url":"https:\/\/xn--glckimgarten-elb.at\/","logo":{"@type":"ImageObject","inLanguage":"de","@id":"https:\/\/xn--glckimgarten-elb.at\/#\/schema\/logo\/image\/","url":"https:\/\/xn--glckimgarten-elb.at\/wp-content\/uploads\/2023\/08\/cropped-logo512.png","contentUrl":"https:\/\/xn--glckimgarten-elb.at\/wp-content\/uploads\/2023\/08\/cropped-logo512.png","width":512,"height":512,"caption":"Jakob Trimmel, Gl\u00fcck im Garten"},"image":{"@id":"https:\/\/xn--glckimgarten-elb.at\/#\/schema\/logo\/image\/"}}]}},"_links":{"self":[{"href":"https:\/\/xn--glckimgarten-elb.at\/index.php?rest_route=\/wp\/v2\/pages\/302","targetHints":{"allow":["GET"]}}],"collection":[{"href":"https:\/\/xn--glckimgarten-elb.at\/index.php?rest_route=\/wp\/v2\/pages"}],"about":[{"href":"https:\/\/xn--glckimgarten-elb.at\/index.php?rest_route=\/wp\/v2\/types\/page"}],"author":[{"embeddable":true,"href":"https:\/\/xn--glckimgarten-elb.at\/index.php?rest_route=\/wp\/v2\/users\/1"}],"replies":[{"embeddable":true,"href":"https:\/\/xn--glckimgarten-elb.at\/index.php?rest_route=%2Fwp%2Fv2%2Fcomments&post=302"}],"version-history":[{"count":5,"href":"https:\/\/xn--glckimgarten-elb.at\/index.php?rest_route=\/wp\/v2\/pages\/302\/revisions"}],"predecessor-version":[{"id":369,"href":"https:\/\/xn--glckimgarten-elb.at\/index.php?rest_route=\/wp\/v2\/pages\/302\/revisions\/369"}],"wp:attachment":[{"href":"https:\/\/xn--glckimgarten-elb.at\/index.php?rest_route=%2Fwp%2Fv2%2Fmedia&parent=302"}],"curies":[{"name":"wp","href":"https:\/\/api.w.org\/{rel}","templated":true}]}}